{"id":1487,"date":"2018-11-17T20:50:04","date_gmt":"2018-11-17T19:50:04","guid":{"rendered":"http:\/\/pureux.org\/?page_id=1487"},"modified":"2018-11-17T21:41:31","modified_gmt":"2018-11-17T20:41:31","slug":"notre-assemblee-generale-du-15-novembre-2018","status":"publish","type":"page","link":"https:\/\/pureux.org\/index.php\/notre-assemblee-generale-du-15-novembre-2018\/","title":{"rendered":"Notre Assembl\u00e9e G\u00e9n\u00e9rale du 15 novembre 2018"},"content":{"rendered":"<h4>\u00a0\u00a0\u00a0\u00a0 \u00a0 \u00a0 \u00a0 \u00a0 \u00a0 \u00a0\u00a0 \u00a0\u00a0 \u00a0\u00a0 <img data-recalc-dims=\"1\" loading=\"lazy\" decoding=\"async\" class=\"alignnone wp-image-1488\" src=\"https:\/\/i0.wp.com\/pureux.org\/wp-content\/uploads\/2018\/11\/IMGP3544-130x130.jpg?resize=177%2C177&#038;ssl=1\" alt=\"\" width=\"177\" height=\"177\" \/>\u00a0 <img data-recalc-dims=\"1\" loading=\"lazy\" decoding=\"async\" class=\"alignnone wp-image-1490\" src=\"https:\/\/i0.wp.com\/pureux.org\/wp-content\/uploads\/2018\/11\/IMGP3552-130x130.jpg?resize=175%2C175&#038;ssl=1\" alt=\"\" width=\"175\" height=\"175\" \/> <img data-recalc-dims=\"1\" loading=\"lazy\" decoding=\"async\" class=\"alignnone wp-image-1500\" src=\"https:\/\/i0.wp.com\/pureux.org\/wp-content\/uploads\/2018\/11\/IMGP3550-130x130.jpg?resize=178%2C178&#038;ssl=1\" alt=\"\" width=\"178\" height=\"178\" \/><br \/>\n<span style=\"color: #000080;\">Notre Pr\u00e9sident a rappel\u00e9 les grandes lignes de notre vie et de nos actions, \u00e9cout\u00e9 avec bienveillance par Monsieur le Maire, plusieurs \u00e9lu.e.s, les directeur et directrice des \u00e9coles ainsi que les parents d&#8217;\u00e9l\u00e8ves et un public cons\u00e9quent. La secr\u00e9taire a pr\u00e9sent\u00e9, illustr\u00e9 de photos projet\u00e9es, notre bilan moral, et le tr\u00e9sorier a pr\u00e9sent\u00e9 le bilan financier. Ces deux bilans ont \u00e9t\u00e9 adopt\u00e9s \u00e0 l&#8217;unanimit\u00e9.<\/span><br \/>\n<span style=\"color: #000080;\">G\u00e9rard Couche a repris la parole pour expliquer quelques perspectives d&#8217;animation que nous organiserons &#8211; comme le <strong><em>T\u00e9l\u00e9thon<\/em><\/strong> en collaboration avec l&#8217;Amicale La\u00efque le <strong>2 d\u00e9cembre <\/strong>&#8211; au fur et \u00e0 mesure de l&#8217;ann\u00e9e, <\/span><span style=\"color: #000080;\">sur le chemin de notre 30e f\u00eate qui aura lieu les<\/span> <strong><span style=\"color: #ff00ff;\">4 et 5 mai 2019&#8230;<br \/>\n<\/span><\/strong><br \/>\n<span style=\"color: #000080;\">Nous avons proc\u00e9d\u00e9 \u00e0 l&#8217;\u00e9lection du nouveau Conseil d&#8217;Administration, qui comporte les m\u00eames \u00e9lus que l&#8217;an dernier, plus une nouvelle recrue en la personne de <strong>Maude Blervaque<\/strong> aussi Pureuse, Danseuse et Com\u00e9dienne &#8230;<\/span><\/h4>\n<h4><span style=\"color: #000080;\">A l&#8217;issue de la r\u00e9union tout le monde a \u00e9t\u00e9 invit\u00e9 au pot de la fraternit\u00e9<\/span><img data-recalc-dims=\"1\" loading=\"lazy\" decoding=\"async\" class=\"alignnone wp-image-1492 alignright\" src=\"https:\/\/i0.wp.com\/pureux.org\/wp-content\/uploads\/2018\/11\/IMGP3555-130x130.jpg?resize=217%2C217&#038;ssl=1\" alt=\"\" width=\"217\" height=\"217\" \/><\/h4>\n<h4><span style=\"color: #008000;\">Dans la foul\u00e9e nous avons f\u00eat\u00e9 comme \u00e0 chaque r\u00e9union, l&#8217;anniversaire des imp\u00e9trants du mois.\u00a0 Ce soir l\u00e0, ce sont <strong>\u00c9velyne<\/strong> et <strong>Raymond<\/strong> qui ont souffl\u00e9 les bougies et nous avons partag\u00e9 des g\u00e2teaux maison faits pour l&#8217;occasion !<\/span><\/h4>\n<p>&nbsp;<\/p>\n<p><img data-recalc-dims=\"1\" loading=\"lazy\" decoding=\"async\" class=\"alignnone wp-image-1494\" src=\"https:\/\/i0.wp.com\/pureux.org\/wp-content\/uploads\/2018\/11\/IMGP3562-130x130.jpg?resize=202%2C202&#038;ssl=1\" alt=\"\" width=\"202\" height=\"202\" \/>\u00a0\u00a0\u00a0<img data-recalc-dims=\"1\" loading=\"lazy\" decoding=\"async\" class=\"wp-image-1495 alignright\" src=\"https:\/\/i0.wp.com\/pureux.org\/wp-content\/uploads\/2018\/11\/IMGP3563-130x130.jpg?resize=315%2C315&#038;ssl=1\" alt=\"\" width=\"315\" height=\"315\" \/><\/p>\n<p>&nbsp;<\/p>\n<p>&nbsp;<\/p>\n<p><span style=\"color: #008000;\">\u00a0\u00a0\u00a0\u00a0\u00a0\u00a0\u00a0 Quelques fac\u00e9ties plus tard &#8230;..<br \/>\n<\/span><\/p>\n<p><img data-recalc-dims=\"1\" loading=\"lazy\" decoding=\"async\" class=\"wp-image-1493 alignnone alignleft\" src=\"https:\/\/i0.wp.com\/pureux.org\/wp-content\/uploads\/2018\/11\/IMGP3557-130x130.jpg?resize=198%2C198&#038;ssl=1\" alt=\"\" width=\"198\" height=\"198\" \/><br \/>\n<img data-recalc-dims=\"1\" loading=\"lazy\" decoding=\"async\" class=\"wp-image-1491 alignleft\" src=\"https:\/\/i0.wp.com\/pureux.org\/wp-content\/uploads\/2018\/11\/IMGP3554-130x130.jpg?resize=202%2C202&#038;ssl=1\" alt=\"\" width=\"202\" height=\"202\" \/><\/p>\n<p><span style=\"color: #008000;\">\u00a0\u00a0\u00a0\u00a0\u00a0\u00a0\u00a0\u00a0\u00a0\u00a0\u00a0\u00a0\u00a0\u00a0\u00a0\u00a0\u00a0\u00a0\u00a0\u00a0\u00a0\u00a0\u00a0\u00a0\u00a0\u00a0\u00a0\u00a0\u00a0\u00a0\u00a0 <\/span><img data-recalc-dims=\"1\" loading=\"lazy\" decoding=\"async\" class=\"wp-image-1496 alignright\" src=\"https:\/\/i0.wp.com\/pureux.org\/wp-content\/uploads\/2018\/11\/IMGP3566-130x130.jpg?resize=215%2C215&#038;ssl=1\" alt=\"\" width=\"215\" height=\"215\" \/><\/p>\n<p>&nbsp;<\/p>\n<p>&nbsp;<\/p>\n<p>&nbsp;<\/p>\n<p><span style=\"color: #008000;\"><br \/>\nil a bien\u00a0\u00a0 fallu faire la vaisselle &#8230;.<\/span><\/p>\n<p>&nbsp;<\/p>\n<p>&nbsp;<\/p>\n<p>&nbsp;<\/p>\n<p>&nbsp;<\/p>\n<p><span style=\"color: #008000;\"><br \/>\n<\/span><\/p>\n","protected":false},"excerpt":{"rendered":"<p>\u00a0\u00a0\u00a0\u00a0 \u00a0 \u00a0 \u00a0 \u00a0 \u00a0 \u00a0\u00a0 \u00a0\u00a0 \u00a0\u00a0 \u00a0 Notre Pr\u00e9sident a rappel\u00e9 les grandes lignes de notre vie et de nos actions, \u00e9cout\u00e9 avec bienveillance par Monsieur le Maire, plusieurs \u00e9lu.e.s, les directeur[&#8230;]<\/p>\n","protected":false},"author":1,"featured_media":0,"parent":0,"menu_order":0,"comment_status":"closed","ping_status":"closed","template":"","meta":{"jetpack_post_was_ever_published":false,"footnotes":""},"class_list":["post-1487","page","type-page","status-publish","hentry"],"jetpack_sharing_enabled":true,"jetpack_shortlink":"https:\/\/wp.me\/P8QBzY-nZ","jetpack-related-posts":[],"_links":{"self":[{"href":"https:\/\/pureux.org\/index.php\/wp-json\/wp\/v2\/pages\/1487","targetHints":{"allow":["GET"]}}],"collection":[{"href":"https:\/\/pureux.org\/index.php\/wp-json\/wp\/v2\/pages"}],"about":[{"href":"https:\/\/pureux.org\/index.php\/wp-json\/wp\/v2\/types\/page"}],"author":[{"embeddable":true,"href":"https:\/\/pureux.org\/index.php\/wp-json\/wp\/v2\/users\/1"}],"replies":[{"embeddable":true,"href":"https:\/\/pureux.org\/index.php\/wp-json\/wp\/v2\/comments?post=1487"}],"version-history":[{"count":10,"href":"https:\/\/pureux.org\/index.php\/wp-json\/wp\/v2\/pages\/1487\/revisions"}],"predecessor-version":[{"id":1508,"href":"https:\/\/pureux.org\/index.php\/wp-json\/wp\/v2\/pages\/1487\/revisions\/1508"}],"wp:attachment":[{"href":"https:\/\/pureux.org\/index.php\/wp-json\/wp\/v2\/media?parent=1487"}],"curies":[{"name":"wp","href":"https:\/\/api.w.org\/{rel}","templated":true}]}}