{"id":1384,"date":"2018-10-06T19:48:07","date_gmt":"2018-10-06T17:48:07","guid":{"rendered":"http:\/\/pureux.org\/?page_id=1384"},"modified":"2018-10-06T19:52:28","modified_gmt":"2018-10-06T17:52:28","slug":"hop-la-nous-vivons","status":"publish","type":"page","link":"https:\/\/pureux.org\/index.php\/hop-la-nous-vivons\/","title":{"rendered":"Hop l\u00e0 ! nous vivons &#8230;."},"content":{"rendered":"<header class=\"entry-header\">\n<h1 class=\"entry-title\"><span style=\"color: #000080;\">Organisation g\u00e9n\u00e9rale de la f\u00eate<\/span><\/h1>\n<\/header>\n<div class=\"entry-content\">\n<h3><img loading=\"lazy\" decoding=\"async\" class=\"alignnone size-medium wp-image-1027\" src=\"https:\/\/i1.wp.com\/pureux.org\/wp-content\/uploads\/2018\/03\/005.jpg?resize=300%2C235\" sizes=\"auto, (max-width: 300px) 100vw, 300px\" srcset=\"https:\/\/i1.wp.com\/pureux.org\/wp-content\/uploads\/2018\/03\/005.jpg?resize=300%2C235&amp;ssl=1 300w, https:\/\/i1.wp.com\/pureux.org\/wp-content\/uploads\/2018\/03\/005.jpg?resize=768%2C601&amp;ssl=1 768w, https:\/\/i1.wp.com\/pureux.org\/wp-content\/uploads\/2018\/03\/005.jpg?resize=1024%2C801&amp;ssl=1 1024w, https:\/\/i1.wp.com\/pureux.org\/wp-content\/uploads\/2018\/03\/005.jpg?resize=370%2C289&amp;ssl=1 370w, https:\/\/i1.wp.com\/pureux.org\/wp-content\/uploads\/2018\/03\/005.jpg?resize=1040%2C813&amp;ssl=1 1040w, https:\/\/i1.wp.com\/pureux.org\/wp-content\/uploads\/2018\/03\/005.jpg?w=1472&amp;ssl=1 1472w\" alt=\"\" width=\"300\" height=\"234\" data-attachment-id=\"1027\" data-permalink=\"https:\/\/pureux.org\/index.php\/la-fete\/la-fete-2018\/bienvenue\/attachment\/005\/\" data-orig-file=\"https:\/\/i1.wp.com\/pureux.org\/wp-content\/uploads\/2018\/03\/005.jpg?fit=1472%2C1151&amp;ssl=1\" data-orig-size=\"1472,1151\" data-comments-opened=\"0\" data-image-meta=\"{&quot;aperture&quot;:&quot;3.8&quot;,&quot;credit&quot;:&quot;&quot;,&quot;camera&quot;:&quot;NIKON D80&quot;,&quot;caption&quot;:&quot;&quot;,&quot;created_timestamp&quot;:&quot;1241343671&quot;,&quot;copyright&quot;:&quot;&quot;,&quot;focal_length&quot;:&quot;20&quot;,&quot;iso&quot;:&quot;200&quot;,&quot;shutter_speed&quot;:&quot;0.02&quot;,&quot;title&quot;:&quot;&quot;,&quot;orientation&quot;:&quot;1&quot;}\" data-image-title=\"005\" data-image-description=\"\" data-medium-file=\"https:\/\/i1.wp.com\/pureux.org\/wp-content\/uploads\/2018\/03\/005.jpg?fit=300%2C235&amp;ssl=1\" data-large-file=\"https:\/\/i1.wp.com\/pureux.org\/wp-content\/uploads\/2018\/03\/005.jpg?fit=1024%2C801&amp;ssl=1\" \/>\u00a0 <img loading=\"lazy\" decoding=\"async\" class=\"alignnone wp-image-987\" src=\"https:\/\/i2.wp.com\/pureux.org\/wp-content\/uploads\/2018\/03\/T\u00eate-g\u00e9ant-ciel-bleu.jpg?resize=345%2C231\" sizes=\"auto, (max-width: 345px) 100vw, 345px\" srcset=\"https:\/\/i2.wp.com\/pureux.org\/wp-content\/uploads\/2018\/03\/T\u00eate-g\u00e9ant-ciel-bleu.jpg?resize=300%2C201&amp;ssl=1 300w, https:\/\/i2.wp.com\/pureux.org\/wp-content\/uploads\/2018\/03\/T\u00eate-g\u00e9ant-ciel-bleu.jpg?resize=768%2C514&amp;ssl=1 768w, https:\/\/i2.wp.com\/pureux.org\/wp-content\/uploads\/2018\/03\/T\u00eate-g\u00e9ant-ciel-bleu.jpg?resize=1024%2C686&amp;ssl=1 1024w, https:\/\/i2.wp.com\/pureux.org\/wp-content\/uploads\/2018\/03\/T\u00eate-g\u00e9ant-ciel-bleu.jpg?resize=370%2C248&amp;ssl=1 370w, https:\/\/i2.wp.com\/pureux.org\/wp-content\/uploads\/2018\/03\/T\u00eate-g\u00e9ant-ciel-bleu.jpg?resize=1040%2C696&amp;ssl=1 1040w\" alt=\"\" width=\"345\" height=\"231\" data-attachment-id=\"987\" data-permalink=\"https:\/\/pureux.org\/index.php\/la-fete\/la-fete-2018\/bienvenue\/tete-geant-ciel-bleu\/\" data-orig-file=\"https:\/\/i2.wp.com\/pureux.org\/wp-content\/uploads\/2018\/03\/T\u00eate-g\u00e9ant-ciel-bleu.jpg?fit=1840%2C1232&amp;ssl=1\" data-orig-size=\"1840,1232\" data-comments-opened=\"1\" data-image-meta=\"{&quot;aperture&quot;:&quot;0&quot;,&quot;credit&quot;:&quot;&quot;,&quot;camera&quot;:&quot;SP-2500&quot;,&quot;caption&quot;:&quot;&quot;,&quot;created_timestamp&quot;:&quot;1190189863&quot;,&quot;copyright&quot;:&quot;&quot;,&quot;focal_length&quot;:&quot;0&quot;,&quot;iso&quot;:&quot;0&quot;,&quot;shutter_speed&quot;:&quot;0&quot;,&quot;title&quot;:&quot;&quot;,&quot;orientation&quot;:&quot;1&quot;}\" data-image-title=\"T\u00eate g\u00e9ant ciel bleu\" data-image-description=\"\" data-medium-file=\"https:\/\/i2.wp.com\/pureux.org\/wp-content\/uploads\/2018\/03\/T\u00eate-g\u00e9ant-ciel-bleu.jpg?fit=300%2C201&amp;ssl=1\" data-large-file=\"https:\/\/i2.wp.com\/pureux.org\/wp-content\/uploads\/2018\/03\/T\u00eate-g\u00e9ant-ciel-bleu.jpg?fit=1024%2C686&amp;ssl=1\" \/><br \/>\n<span style=\"color: #339966;\">La f\u00eate se d\u00e9roule chaque ann\u00e9e d\u00e9but mai.<\/span><\/h3>\n<h3><span style=\"color: #339966;\">Les festivit\u00e9s commencent avec la distribution de la soupe dans les maisons pavois\u00e9es le vendredi soir.<\/span><\/h3>\n<h3><span style=\"color: #339966;\">Le samedi, depuis 2013, a lieu tous les deux ans une \u00ab\u00a0marche gueularde\u00a0\u00bb \u00e0 Roost-Warendin. Il s\u2019agit l\u00e0 d\u2019une marche de 10 km avec divers arr\u00eats pour des d\u00e9gustations des sp\u00e9cialit\u00e9s des Pureux<\/span><br \/>\n<span style=\"color: #339966;\">(l\u2019ap\u00e9ro, la soupe, la saucisse, la tarte \u00e0 la bi\u00e8re et autres produits locaux de notre fabrication) .<\/span><\/h3>\n<h3><span style=\"color: #339966;\">Puis s\u2019encha\u00eene en soir\u00e9e la f\u00eate de la fraternit\u00e9 qui est un temps fort du week-end o\u00f9 a lieu un rassemblement des enfants des \u00e9coles locales ainsi que leur parents pour un l\u00e2ch\u00e9 simultan\u00e9 de nombreuses lanternes lumineuses (qu\u2019il est possible d\u2019acheter sur place afin d\u2019y participer !) auxquelles sont suspendues des messages de fraternit\u00e9 en correspondance avec notre devise\u00a0:\u00a0 \u201cm\u00ealer les hommes c\u2019est l\u2019avenir de l\u2019homme\u201d. En 2016 pr\u00e8s de 600 lanternes ont \u00e9t\u00e9 vendues. Cette soir\u00e9e se d\u00e9roule tout en musique avec le groupe \u00ab\u00a0 Het Bandje\u00a0\u00bb et parfois d\u2019autres groupes ext\u00e9rieurs.<\/span><\/h3>\n<h3><span style=\"color: #339966;\">Le dimanche midi, chaque ann\u00e9e, est organis\u00e9 un ap\u00e9ro musical suivi du repas de Pureux.<\/span><\/h3>\n<h3><span style=\"color: #339966;\">L\u2019apr\u00e8s-midi, La Compagnie d\u00e9file avec ses deux g\u00e9ants Ch\u2019Pureux <\/span><span style=\"color: #339966;\">et Colas.<br \/>\nElle invite les enfants et toute la population \u00e0 s\u2019unir \u00e0 eux pour combattre et (si possible) vaincre le dragon \u00e0 nouveau sorti des marais.<\/span><\/h3>\n<h3><img loading=\"lazy\" decoding=\"async\" class=\"alignnone size-medium wp-image-1236\" src=\"https:\/\/i0.wp.com\/pureux.org\/wp-content\/uploads\/2018\/06\/Dragon-enfum\u00e9-2013.jpg?resize=271%2C300\" sizes=\"auto, (max-width: 271px) 100vw, 271px\" srcset=\"https:\/\/i0.wp.com\/pureux.org\/wp-content\/uploads\/2018\/06\/Dragon-enfum\u00e9-2013.jpg?resize=271%2C300&amp;ssl=1 271w, https:\/\/i0.wp.com\/pureux.org\/wp-content\/uploads\/2018\/06\/Dragon-enfum\u00e9-2013.jpg?w=370&amp;ssl=1 370w\" alt=\"\" width=\"271\" height=\"300\" data-attachment-id=\"1236\" data-permalink=\"https:\/\/pureux.org\/index.php\/la-fete\/dragon-enfume-2013-2\/\" data-orig-file=\"https:\/\/i0.wp.com\/pureux.org\/wp-content\/uploads\/2018\/06\/Dragon-enfum\u00e9-2013.jpg?fit=370%2C409&amp;ssl=1\" data-orig-size=\"370,409\" data-comments-opened=\"0\" data-image-meta=\"{&quot;aperture&quot;:&quot;4&quot;,&quot;credit&quot;:&quot;&quot;,&quot;camera&quot;:&quot;Canon PowerShot A620&quot;,&quot;caption&quot;:&quot;&quot;,&quot;created_timestamp&quot;:&quot;1367682469&quot;,&quot;copyright&quot;:&quot;&quot;,&quot;focal_length&quot;:&quot;7.3&quot;,&quot;iso&quot;:&quot;0&quot;,&quot;shutter_speed&quot;:&quot;0.0015625&quot;,&quot;title&quot;:&quot;&quot;,&quot;orientation&quot;:&quot;1&quot;}\" data-image-title=\"Dragon-enfum\u00e9-2013\" data-image-description=\"\" data-medium-file=\"https:\/\/i0.wp.com\/pureux.org\/wp-content\/uploads\/2018\/06\/Dragon-enfum\u00e9-2013.jpg?fit=271%2C300&amp;ssl=1\" data-large-file=\"https:\/\/i0.wp.com\/pureux.org\/wp-content\/uploads\/2018\/06\/Dragon-enfum\u00e9-2013.jpg?fit=370%2C409&amp;ssl=1\" \/><\/h3>\n<h3><span style=\"color: #339966;\">Les Archelles dansent pour f\u00eater la victoire \u2026.<\/span><br \/>\n<span style=\"color: #339966;\">La soir\u00e9e se termine par deux nouvelles repr\u00e9sentations th\u00e9\u00e2trales.<\/span><\/h3>\n<h3><\/h3>\n<h3><\/h3>\n<p>&nbsp;<\/p>\n<\/div>\n","protected":false},"excerpt":{"rendered":"<p>Organisation g\u00e9n\u00e9rale de la f\u00eate \u00a0 La f\u00eate se d\u00e9roule chaque ann\u00e9e d\u00e9but mai. Les festivit\u00e9s commencent avec la distribution de la soupe dans les maisons pavois\u00e9es le vendredi soir. Le samedi, depuis 2013, a[&#8230;]<\/p>\n","protected":false},"author":1,"featured_media":0,"parent":0,"menu_order":0,"comment_status":"closed","ping_status":"closed","template":"","meta":{"jetpack_post_was_ever_published":false,"footnotes":""},"class_list":["post-1384","page","type-page","status-publish","hentry"],"jetpack_sharing_enabled":true,"jetpack_shortlink":"https:\/\/wp.me\/P8QBzY-mk","jetpack-related-posts":[],"_links":{"self":[{"href":"https:\/\/pureux.org\/index.php\/wp-json\/wp\/v2\/pages\/1384","targetHints":{"allow":["GET"]}}],"collection":[{"href":"https:\/\/pureux.org\/index.php\/wp-json\/wp\/v2\/pages"}],"about":[{"href":"https:\/\/pureux.org\/index.php\/wp-json\/wp\/v2\/types\/page"}],"author":[{"embeddable":true,"href":"https:\/\/pureux.org\/index.php\/wp-json\/wp\/v2\/users\/1"}],"replies":[{"embeddable":true,"href":"https:\/\/pureux.org\/index.php\/wp-json\/wp\/v2\/comments?post=1384"}],"version-history":[{"count":6,"href":"https:\/\/pureux.org\/index.php\/wp-json\/wp\/v2\/pages\/1384\/revisions"}],"predecessor-version":[{"id":1391,"href":"https:\/\/pureux.org\/index.php\/wp-json\/wp\/v2\/pages\/1384\/revisions\/1391"}],"wp:attachment":[{"href":"https:\/\/pureux.org\/index.php\/wp-json\/wp\/v2\/media?parent=1384"}],"curies":[{"name":"wp","href":"https:\/\/api.w.org\/{rel}","templated":true}]}}